
{"id":12601,"date":"2022-11-30T14:32:07","date_gmt":"2022-11-30T13:32:07","guid":{"rendered":"https:\/\/compra08840.com\/marketplace\/product\/familia-pack-premium\/"},"modified":"2022-11-30T14:32:07","modified_gmt":"2022-11-30T13:32:07","slug":"familia-pack-premium-2","status":"publish","type":"product","link":"https:\/\/compra08840.com\/es\/marketplace\/product\/familia-pack-premium-2\/","title":{"rendered":"FAMILIA: Pack Premium"},"content":{"rendered":"<div style=\"text-align: justify;\">\n<p><strong>Pack Mini<br \/>(En Empresa)<\/strong><\/p>\n<ul style=\"list-style-type: circle;\">\n<li><span style=\"font-weight: 400;\">15 fotograf\u00edas en diferentes espacios, zonas, detalles.<\/span><\/li>\n<\/ul>\n<p><strong>120 IVA no Inc.<\/strong><br \/><span style=\"font-weight: 400;\"><br \/>Ahora que todo se ha digitalizado tus clientes necesitan conocer qui\u00e9n est\u00e1 despu\u00e9s de tu empresa, es por eso que tu foto de perfil debe reflejar la esencia de tu empresa. La fotograf\u00eda corporativa le ayudar\u00e1 a conectar al 100% con tus clientes y crear un v\u00ednculo con ellos.<\/p>\n<p><\/span><\/div>\n<div style=\"text-align: justify;\"><span style=\"font-weight: 400;\">Nos adaptamos para ofrecerte lo que est\u00e1s buscando, te ayudar\u00e9 a organizar y planificar la mejor sesi\u00f3n para tu marca.<\/span><\/div>\n","protected":false},"excerpt":{"rendered":"<p>Desir\u00e9e Luna Fotograf\u00eda<\/p>\n","protected":false},"featured_media":13203,"template":"","meta":{"_acf_changed":false,"_monsterinsights_skip_tracking":false,"_monsterinsights_sitenote_active":false,"_monsterinsights_sitenote_note":"","_monsterinsights_sitenote_category":0},"product_brand":[],"product_cat":[1202,1348],"product_tag":[],"tipo-de-venta":[1772],"class_list":{"0":"post-12601","1":"product","2":"type-product","3":"status-publish","4":"has-post-thumbnail","6":"product_cat-servicios","7":"product_cat-fotografia-y-video","8":"tipo-de-venta-vendes-a-la-web-propia","10":"first","11":"instock","12":"taxable","13":"shipping-taxable","14":"product-type-external"},"acf":[],"aioseo_notices":[],"jetpack_sharing_enabled":true,"_links":{"self":[{"href":"https:\/\/compra08840.com\/es\/wp-json\/wp\/v2\/product\/12601","targetHints":{"allow":["GET"]}}],"collection":[{"href":"https:\/\/compra08840.com\/es\/wp-json\/wp\/v2\/product"}],"about":[{"href":"https:\/\/compra08840.com\/es\/wp-json\/wp\/v2\/types\/product"}],"wp:featuredmedia":[{"embeddable":true,"href":"https:\/\/compra08840.com\/es\/wp-json\/wp\/v2\/media\/13203"}],"wp:attachment":[{"href":"https:\/\/compra08840.com\/es\/wp-json\/wp\/v2\/media?parent=12601"}],"wp:term":[{"taxonomy":"product_brand","embeddable":true,"href":"https:\/\/compra08840.com\/es\/wp-json\/wp\/v2\/product_brand?post=12601"},{"taxonomy":"product_cat","embeddable":true,"href":"https:\/\/compra08840.com\/es\/wp-json\/wp\/v2\/product_cat?post=12601"},{"taxonomy":"product_tag","embeddable":true,"href":"https:\/\/compra08840.com\/es\/wp-json\/wp\/v2\/product_tag?post=12601"},{"taxonomy":"tipo-de-venta","embeddable":true,"href":"https:\/\/compra08840.com\/es\/wp-json\/wp\/v2\/tipo-de-venta?post=12601"}],"curies":[{"name":"wp","href":"https:\/\/api.w.org\/{rel}","templated":true}]}}