
{"id":17668,"date":"2026-03-26T11:25:41","date_gmt":"2026-03-26T10:25:41","guid":{"rendered":"https:\/\/compra08840.com\/campanya-compra-08840\/"},"modified":"2026-03-26T11:25:41","modified_gmt":"2026-03-26T10:25:41","slug":"campanya-compra-08840","status":"publish","type":"page","link":"https:\/\/compra08840.com\/es\/campanya-compra-08840\/","title":{"rendered":"Campanya compra 08840"},"content":{"rendered":"<h1><strong>PR\u00d3XIMAMENT: TARGETA DE FIDELITZACI\u00d3<\/strong><\/h1>\n<h6>Des de <b data-path-to-node=\"3\" data-index-in-node=\"64\">Compra 08840<\/b> posem en marxa la <strong>nova campanya<\/strong> de primavera per omplir els carrers de vida i premiar la teva fidelitat al comer\u00e7 local. Volem que gaudeixis de les teves compres i que, a m\u00e9s, puguis guanyar un dels <b data-path-to-node=\"3\" data-index-in-node=\"285\">15 talonaris de xecs regal<\/b> que sortejarem del 20 de juny.<\/h6>\n<p>\t\t\t\t\t\t\t\t\t\t\t\t\t\t\t<img fetchpriority=\"high\" decoding=\"async\" width=\"1024\" height=\"640\" src=\"https:\/\/compra08840.com\/wp-content\/uploads\/2026\/03\/Imatge-landing-1-1024x640.jpg\" alt=\"\" srcset=\"https:\/\/compra08840.com\/wp-content\/uploads\/2026\/03\/Imatge-landing-1-1024x640.jpg 1024w, https:\/\/compra08840.com\/wp-content\/uploads\/2026\/03\/Imatge-landing-1-300x188.jpg 300w, https:\/\/compra08840.com\/wp-content\/uploads\/2026\/03\/Imatge-landing-1-768x480.jpg 768w, https:\/\/compra08840.com\/wp-content\/uploads\/2026\/03\/Imatge-landing-1-600x375.jpg 600w, https:\/\/compra08840.com\/wp-content\/uploads\/2026\/03\/Imatge-landing-1.jpg 1280w\" sizes=\"(max-width: 1024px) 100vw, 1024px\" \/>\t\t\t\t\t\t\t\t\t\t\t\t\t\t\t<\/p>\n<h2>Com participar?<\/h2>\n<h2>Compra i segella<\/h2>\n<h2>Suma a la Fira<\/h2>\n<h2>Vine a la festa<\/h2>\n<p>Per cada compra m\u00ednima de <b data-path-to-node=\"9,1,0,0\" data-index-in-node=\"26\">5 \u20ac<\/b> (o <b data-path-to-node=\"9,1,0,0\" data-index-in-node=\"33\">2 \u20ac<\/b> en cafeteries) en els establiments adherits, demana el teu segell.<\/p>\n<p><b data-path-to-node=\"9,2,0,0\" data-index-in-node=\"3\">Molt important:<\/b> El comer\u00e7 ha de <b data-path-to-node=\"9,2,0,0\" data-index-in-node=\"35\">grapar el tiquet<\/b> a la targeta perqu\u00e8 sigui v\u00e0lida.<\/p>\n<p>Visita els estands del comer\u00e7 local a la <b data-path-to-node=\"9,1,1,0\" data-index-in-node=\"41\">Fira de Sant Isidre<\/b> i aconsegueix fins a <b data-path-to-node=\"9,1,1,0\" data-index-in-node=\"82\">5 adhesius<\/b> extra.<\/p>\n<p>Completa els 15 espais de la teva targeta molt m\u00e9s r\u00e0pidament!<\/p>\n<p>El dissabte <b data-path-to-node=\"9,1,2,0\" data-index-in-node=\"12\">20 de juny<\/b>, porta la teva targeta a la carpa de Compra08840 (m\u00e0xim 3 per persona).<\/p>\n<p>All\u00e0 demanarem les teves dades per entrar en el sorteig dels xecs regal.<\/p>\n<h2>El sorteig<\/h2>\n<p data-path-to-node=\"7\">El <b>dissabte <\/b><b data-path-to-node=\"7\" data-index-in-node=\"44\">20 de juny<\/b> t&#8217;esperem a la carpa oficial de Compra08840. Ser\u00e0 un mat\u00ed ple d&#8217;activitats per a tota la fam\u00edlia, amb m\u00fasica en directe i tallers que estem acabant de preparar perqu\u00e8 gaudim junts del nostre comer\u00e7.<\/p>\n<p data-path-to-node=\"8\">Aquest ser\u00e0 el moment clau: <b>haur\u00e0s de portar la teva targeta<\/b> (o fins a un m\u00e0xim de 3 per persona) <b>a la nostra carpa.<\/b> All\u00e0 mateix recollirem les teves dades de contacte i farem el sorteig oficial a trav\u00e9s de la plataforma <b data-path-to-node=\"8\" data-index-in-node=\"221\">AppSorteos<\/b>. D&#8217;aquesta manera, garantim la m\u00e0xima transpar\u00e8ncia i sabrem els guanyadors en directe i de forma aleat\u00f2ria.<\/p>\n<h2>Els premis<\/h2>\n<p>Sortejarem <b data-path-to-node=\"9\" data-index-in-node=\"27\">15 premis<\/b>: 5 talonaris de 100 \u20ac, 5 de 75 \u20ac i 5 de 50 \u20ac. Tots els premis s&#8217;entregaran en <b data-path-to-node=\"9\" data-index-in-node=\"126\">xecs de 5 \u20ac<\/b>, perqu\u00e8 et sigui molt f\u00e0cil gastar-los com vulguis: pots utilitzar-los en una sola botiga o repartir-los entre diferents comer\u00e7os.<\/p>\n<p data-path-to-node=\"5\"><b data-path-to-node=\"5\" data-index-in-node=\"3\">Molt important:<\/b> Recorda que aquests xecs regal <b data-path-to-node=\"5\" data-index-in-node=\"50\">nom\u00e9s es podran gastar en els establiments que formen part d&#8217;aquesta campanya<\/b>.\u00a0<\/p>\n<p data-path-to-node=\"6\"><em><strong>Tens fins al<\/strong> <b data-path-to-node=\"5\" data-index-in-node=\"13\">25 de juliol<\/b> per utilitzar els teus xecs!<\/em><\/p>\n<p data-path-to-node=\"6\">\u00a0<\/p>\n<h2>Establiments adherits a la campanya:<\/h2>\n<p>\t\t\t\t\t\t\t\t\t\t\t\t\t\t\t<img decoding=\"async\" width=\"150\" height=\"150\" src=\"https:\/\/compra08840.com\/wp-content\/uploads\/2026\/03\/adg-logo-150x150.jpg\" alt=\"\" srcset=\"https:\/\/compra08840.com\/wp-content\/uploads\/2026\/03\/adg-logo-150x150.jpg 150w, https:\/\/compra08840.com\/wp-content\/uploads\/2026\/03\/adg-logo-300x300.jpg 300w, https:\/\/compra08840.com\/wp-content\/uploads\/2026\/03\/adg-logo-1024x1024.jpg 1024w, https:\/\/compra08840.com\/wp-content\/uploads\/2026\/03\/adg-logo-768x768.jpg 768w, https:\/\/compra08840.com\/wp-content\/uploads\/2026\/03\/adg-logo-1536x1536.jpg 1536w, https:\/\/compra08840.com\/wp-content\/uploads\/2026\/03\/adg-logo-600x600.jpg 600w, https:\/\/compra08840.com\/wp-content\/uploads\/2026\/03\/adg-logo-100x100.jpg 100w, https:\/\/compra08840.com\/wp-content\/uploads\/2026\/03\/adg-logo.jpg 2000w\" sizes=\"(max-width: 150px) 100vw, 150px\" \/>\t\t\t\t\t\t\t\t\t\t\t\t\t\t\t<\/p>\n<p><strong>ADG FIT<\/strong><br \/>Carrer del Pare Artigas, local 6<\/p>\n<p>\t\t\t\t\t\t\t\t\t\t\t\t\t\t\t<img decoding=\"async\" width=\"150\" height=\"150\" src=\"https:\/\/compra08840.com\/wp-content\/uploads\/2026\/04\/ARTLLUM-1-150x150.jpg\" alt=\"\" srcset=\"https:\/\/compra08840.com\/wp-content\/uploads\/2026\/04\/ARTLLUM-1-150x150.jpg 150w, https:\/\/compra08840.com\/wp-content\/uploads\/2026\/04\/ARTLLUM-1-300x300.jpg 300w, https:\/\/compra08840.com\/wp-content\/uploads\/2026\/04\/ARTLLUM-1-100x100.jpg 100w, https:\/\/compra08840.com\/wp-content\/uploads\/2026\/04\/ARTLLUM-1.jpg 500w\" sizes=\"(max-width: 150px) 100vw, 150px\" \/>\t\t\t\t\t\t\t\t\t\t\t\t\t\t\t<\/p>\n<p><strong>ARTLLUM ENRIC GUILL\u00c9N<\/strong><br \/>Crta. de Barcelona, 45, local 11<\/p>\n<p>\t\t\t\t\t\t\t\t\t\t\t\t\t\t\t<img loading=\"lazy\" decoding=\"async\" width=\"150\" height=\"150\" src=\"https:\/\/compra08840.com\/wp-content\/uploads\/2023\/01\/atmosfera-home-logo-150x150.jpg\" alt=\"\" srcset=\"https:\/\/compra08840.com\/wp-content\/uploads\/2023\/01\/atmosfera-home-logo-150x150.jpg 150w, https:\/\/compra08840.com\/wp-content\/uploads\/2023\/01\/atmosfera-home-logo-300x300.jpg 300w, https:\/\/compra08840.com\/wp-content\/uploads\/2023\/01\/atmosfera-home-logo-100x100.jpg 100w, https:\/\/compra08840.com\/wp-content\/uploads\/2023\/01\/atmosfera-home-logo.jpg 500w\" sizes=\"(max-width: 150px) 100vw, 150px\" \/>\t\t\t\t\t\t\t\t\t\t\t\t\t\t\t<\/p>\n<p style=\"text-align: left;\"><strong>ATMOSFERA HOME<\/strong><br \/>Carrer del Doctor Reig, 63<\/p>\n<p>\t\t\t\t\t\t\t\t\t\t\t\t\t\t\t<img loading=\"lazy\" decoding=\"async\" width=\"150\" height=\"150\" src=\"https:\/\/compra08840.com\/wp-content\/uploads\/2022\/10\/chebrolet-logo-1-150x150.jpg\" alt=\"\" srcset=\"https:\/\/compra08840.com\/wp-content\/uploads\/2022\/10\/chebrolet-logo-1-150x150.jpg 150w, https:\/\/compra08840.com\/wp-content\/uploads\/2022\/10\/chebrolet-logo-1-300x300.jpg 300w, https:\/\/compra08840.com\/wp-content\/uploads\/2022\/10\/chebrolet-logo-1-100x100.jpg 100w, https:\/\/compra08840.com\/wp-content\/uploads\/2022\/10\/chebrolet-logo-1.jpg 500w\" sizes=\"(max-width: 150px) 100vw, 150px\" \/>\t\t\t\t\t\t\t\t\t\t\t\t\t\t\t<\/p>\n<p style=\"text-align: left;\"><strong>CHEBROLET<\/strong><br \/>Carrer del Doctor Reig, 47<\/p>\n<p>\t\t\t\t\t\t\t\t\t\t\t\t\t\t\t<img loading=\"lazy\" decoding=\"async\" width=\"150\" height=\"150\" src=\"https:\/\/compra08840.com\/wp-content\/uploads\/2022\/10\/el-graner-de-anna-logo-150x150.jpg\" alt=\"\" srcset=\"https:\/\/compra08840.com\/wp-content\/uploads\/2022\/10\/el-graner-de-anna-logo-150x150.jpg 150w, https:\/\/compra08840.com\/wp-content\/uploads\/2022\/10\/el-graner-de-anna-logo-300x300.jpg 300w, https:\/\/compra08840.com\/wp-content\/uploads\/2022\/10\/el-graner-de-anna-logo-100x100.jpg 100w, https:\/\/compra08840.com\/wp-content\/uploads\/2022\/10\/el-graner-de-anna-logo.jpg 500w\" sizes=\"(max-width: 150px) 100vw, 150px\" \/>\t\t\t\t\t\t\t\t\t\t\t\t\t\t\t<\/p>\n<p><strong>EL GRANER DE L&#8217;ANA<\/strong><br \/>Carrer de Salvador Baron\u00e9, 18<\/p>\n<p>\t\t\t\t\t\t\t\t\t\t\t\t\t\t\t<img loading=\"lazy\" decoding=\"async\" width=\"150\" height=\"150\" src=\"https:\/\/compra08840.com\/wp-content\/uploads\/2026\/03\/EL-PARAISO-FRIKI-150x150.jpg\" alt=\"\" srcset=\"https:\/\/compra08840.com\/wp-content\/uploads\/2026\/03\/EL-PARAISO-FRIKI-150x150.jpg 150w, https:\/\/compra08840.com\/wp-content\/uploads\/2026\/03\/EL-PARAISO-FRIKI-300x300.jpg 300w, https:\/\/compra08840.com\/wp-content\/uploads\/2026\/03\/EL-PARAISO-FRIKI-1024x1024.jpg 1024w, https:\/\/compra08840.com\/wp-content\/uploads\/2026\/03\/EL-PARAISO-FRIKI-768x768.jpg 768w, https:\/\/compra08840.com\/wp-content\/uploads\/2026\/03\/EL-PARAISO-FRIKI-1536x1536.jpg 1536w, https:\/\/compra08840.com\/wp-content\/uploads\/2026\/03\/EL-PARAISO-FRIKI-600x600.jpg 600w, https:\/\/compra08840.com\/wp-content\/uploads\/2026\/03\/EL-PARAISO-FRIKI-100x100.jpg 100w, https:\/\/compra08840.com\/wp-content\/uploads\/2026\/03\/EL-PARAISO-FRIKI.jpg 2000w\" sizes=\"(max-width: 150px) 100vw, 150px\" \/>\t\t\t\t\t\t\t\t\t\t\t\t\t\t\t<\/p>\n<p><strong>EL PARAISO FRIKI<\/strong><br \/>Carrer de Sant Mari\u00e0, 100<\/p>\n<p>\t\t\t\t\t\t\t\t\t\t\t\t\t\t\t<img loading=\"lazy\" decoding=\"async\" width=\"150\" height=\"150\" src=\"https:\/\/compra08840.com\/wp-content\/uploads\/2022\/10\/els-nou-rals-logo-150x150.jpg\" alt=\"\" srcset=\"https:\/\/compra08840.com\/wp-content\/uploads\/2022\/10\/els-nou-rals-logo-150x150.jpg 150w, https:\/\/compra08840.com\/wp-content\/uploads\/2022\/10\/els-nou-rals-logo-300x300.jpg 300w, https:\/\/compra08840.com\/wp-content\/uploads\/2022\/10\/els-nou-rals-logo-100x100.jpg 100w, https:\/\/compra08840.com\/wp-content\/uploads\/2022\/10\/els-nou-rals-logo.jpg 500w\" sizes=\"(max-width: 150px) 100vw, 150px\" \/>\t\t\t\t\t\t\t\t\t\t\t\t\t\t\t<\/p>\n<p><strong>ELS NOU RALS<\/strong><br \/>Carrer de Sant Joan, 19<\/p>\n<p>\t\t\t\t\t\t\t\t\t\t\t\t\t\t\t<img loading=\"lazy\" decoding=\"async\" width=\"150\" height=\"150\" src=\"https:\/\/compra08840.com\/wp-content\/uploads\/2022\/10\/quiro-estetica-idhum-logo-150x150.jpg\" alt=\"\" srcset=\"https:\/\/compra08840.com\/wp-content\/uploads\/2022\/10\/quiro-estetica-idhum-logo-150x150.jpg 150w, https:\/\/compra08840.com\/wp-content\/uploads\/2022\/10\/quiro-estetica-idhum-logo-300x300.jpg 300w, https:\/\/compra08840.com\/wp-content\/uploads\/2022\/10\/quiro-estetica-idhum-logo-100x100.jpg 100w, https:\/\/compra08840.com\/wp-content\/uploads\/2022\/10\/quiro-estetica-idhum-logo.jpg 500w\" sizes=\"(max-width: 150px) 100vw, 150px\" \/>\t\t\t\t\t\t\t\t\t\t\t\t\t\t\t<\/p>\n<p><strong>QUIROEST\u00c8TICA IDHUM<\/strong><br \/>Carrer de la Mare de D\u00e9u de Montserrat, 8<\/p>\n<p>\t\t\t\t\t\t\t\t\t\t\t\t\t\t\t<img loading=\"lazy\" decoding=\"async\" width=\"150\" height=\"150\" src=\"https:\/\/compra08840.com\/wp-content\/uploads\/2026\/03\/firplan-logo-150x150.png\" alt=\"\" srcset=\"https:\/\/compra08840.com\/wp-content\/uploads\/2026\/03\/firplan-logo-150x150.png 150w, https:\/\/compra08840.com\/wp-content\/uploads\/2026\/03\/firplan-logo-300x300.png 300w, https:\/\/compra08840.com\/wp-content\/uploads\/2026\/03\/firplan-logo-1024x1024.png 1024w, https:\/\/compra08840.com\/wp-content\/uploads\/2026\/03\/firplan-logo-768x768.png 768w, https:\/\/compra08840.com\/wp-content\/uploads\/2026\/03\/firplan-logo-1536x1536.png 1536w, https:\/\/compra08840.com\/wp-content\/uploads\/2026\/03\/firplan-logo-600x600.png 600w, https:\/\/compra08840.com\/wp-content\/uploads\/2026\/03\/firplan-logo-100x100.png 100w, https:\/\/compra08840.com\/wp-content\/uploads\/2026\/03\/firplan-logo.png 2000w\" sizes=\"(max-width: 150px) 100vw, 150px\" \/>\t\t\t\t\t\t\t\t\t\t\t\t\t\t\t<\/p>\n<p><strong>FIRPLAN<\/strong><br \/>Carrer del Sol, 1 Bis<\/p>\n<p>\t\t\t\t\t\t\t\t\t\t\t\t\t\t\t<img loading=\"lazy\" decoding=\"async\" width=\"150\" height=\"150\" src=\"https:\/\/compra08840.com\/wp-content\/uploads\/2022\/10\/floristeria-jazmin-logo-1-150x150.jpg\" alt=\"\" srcset=\"https:\/\/compra08840.com\/wp-content\/uploads\/2022\/10\/floristeria-jazmin-logo-1-150x150.jpg 150w, https:\/\/compra08840.com\/wp-content\/uploads\/2022\/10\/floristeria-jazmin-logo-1-300x300.jpg 300w, https:\/\/compra08840.com\/wp-content\/uploads\/2022\/10\/floristeria-jazmin-logo-1-100x100.jpg 100w, https:\/\/compra08840.com\/wp-content\/uploads\/2022\/10\/floristeria-jazmin-logo-1.jpg 500w\" sizes=\"(max-width: 150px) 100vw, 150px\" \/>\t\t\t\t\t\t\t\t\t\t\t\t\t\t\t<\/p>\n<p><strong>FLORISTERIA JAZM\u00cdN<\/strong><br \/>Ctra. de Sant Climent, 12,<\/p>\n<p>\t\t\t\t\t\t\t\t\t\t\t\t\t\t\t<img loading=\"lazy\" decoding=\"async\" width=\"150\" height=\"150\" src=\"https:\/\/compra08840.com\/wp-content\/uploads\/2022\/10\/glamour-by-vero-150x150.jpg\" alt=\"\" srcset=\"https:\/\/compra08840.com\/wp-content\/uploads\/2022\/10\/glamour-by-vero-150x150.jpg 150w, https:\/\/compra08840.com\/wp-content\/uploads\/2022\/10\/glamour-by-vero-300x300.jpg 300w, https:\/\/compra08840.com\/wp-content\/uploads\/2022\/10\/glamour-by-vero-100x100.jpg 100w, https:\/\/compra08840.com\/wp-content\/uploads\/2022\/10\/glamour-by-vero.jpg 500w\" sizes=\"(max-width: 150px) 100vw, 150px\" \/>\t\t\t\t\t\t\t\t\t\t\t\t\t\t\t<\/p>\n<p><strong>GLAMOUR BY VERO<\/strong><br \/>Carrer del Doctor Reig, 31<\/p>\n<p>\t\t\t\t\t\t\t\t\t\t\t\t\t\t\t<img loading=\"lazy\" decoding=\"async\" width=\"150\" height=\"150\" src=\"https:\/\/compra08840.com\/wp-content\/uploads\/2022\/10\/camamilla-logo-1-150x150.jpg\" alt=\"\" srcset=\"https:\/\/compra08840.com\/wp-content\/uploads\/2022\/10\/camamilla-logo-1-150x150.jpg 150w, https:\/\/compra08840.com\/wp-content\/uploads\/2022\/10\/camamilla-logo-1-300x300.jpg 300w, https:\/\/compra08840.com\/wp-content\/uploads\/2022\/10\/camamilla-logo-1-100x100.jpg 100w, https:\/\/compra08840.com\/wp-content\/uploads\/2022\/10\/camamilla-logo-1.jpg 500w\" sizes=\"(max-width: 150px) 100vw, 150px\" \/>\t\t\t\t\t\t\t\t\t\t\t\t\t\t\t<\/p>\n<p><strong>HERBOLARI CAMAMILLA<br \/><\/strong>Av. de Francesc Maci\u00e0, 10<strong><br \/><\/strong><\/p>\n<p>\t\t\t\t\t\t\t\t\t\t\t\t\t\t\t<img loading=\"lazy\" decoding=\"async\" width=\"150\" height=\"150\" src=\"https:\/\/compra08840.com\/wp-content\/uploads\/2026\/04\/JLau-logo-150x150.jpg\" alt=\"\" srcset=\"https:\/\/compra08840.com\/wp-content\/uploads\/2026\/04\/JLau-logo-150x150.jpg 150w, https:\/\/compra08840.com\/wp-content\/uploads\/2026\/04\/JLau-logo-300x300.jpg 300w, https:\/\/compra08840.com\/wp-content\/uploads\/2026\/04\/JLau-logo-100x100.jpg 100w, https:\/\/compra08840.com\/wp-content\/uploads\/2026\/04\/JLau-logo.jpg 500w\" sizes=\"(max-width: 150px) 100vw, 150px\" \/>\t\t\t\t\t\t\t\t\t\t\t\t\t\t\t<\/p>\n<p><strong>CHURRERIA J.LAU<\/strong><br \/>Carrer d&#8217;Antonio Machado, 68<\/p>\n<p>\t\t\t\t\t\t\t\t\t\t\t\t\t\t\t<img loading=\"lazy\" decoding=\"async\" width=\"150\" height=\"150\" src=\"https:\/\/compra08840.com\/wp-content\/uploads\/2026\/03\/LAIXETA-LOGO-150x150.png\" alt=\"\" srcset=\"https:\/\/compra08840.com\/wp-content\/uploads\/2026\/03\/LAIXETA-LOGO-150x150.png 150w, https:\/\/compra08840.com\/wp-content\/uploads\/2026\/03\/LAIXETA-LOGO-300x300.png 300w, https:\/\/compra08840.com\/wp-content\/uploads\/2026\/03\/LAIXETA-LOGO-1024x1024.png 1024w, https:\/\/compra08840.com\/wp-content\/uploads\/2026\/03\/LAIXETA-LOGO-768x768.png 768w, https:\/\/compra08840.com\/wp-content\/uploads\/2026\/03\/LAIXETA-LOGO-1536x1536.png 1536w, https:\/\/compra08840.com\/wp-content\/uploads\/2026\/03\/LAIXETA-LOGO-600x600.png 600w, https:\/\/compra08840.com\/wp-content\/uploads\/2026\/03\/LAIXETA-LOGO-100x100.png 100w, https:\/\/compra08840.com\/wp-content\/uploads\/2026\/03\/LAIXETA-LOGO.png 2000w\" sizes=\"(max-width: 150px) 100vw, 150px\" \/>\t\t\t\t\t\t\t\t\t\t\t\t\t\t\t<\/p>\n<p><strong>L&#8217;AIXETA<\/strong><br \/>Carrer de Jaume Abril, 21<\/p>\n<p>\t\t\t\t\t\t\t\t\t\t\t\t\t\t\t<img loading=\"lazy\" decoding=\"async\" width=\"150\" height=\"150\" src=\"https:\/\/compra08840.com\/wp-content\/uploads\/2024\/05\/laura-crearte-150x150.jpg\" alt=\"\" srcset=\"https:\/\/compra08840.com\/wp-content\/uploads\/2024\/05\/laura-crearte-150x150.jpg 150w, https:\/\/compra08840.com\/wp-content\/uploads\/2024\/05\/laura-crearte-300x300.jpg 300w, https:\/\/compra08840.com\/wp-content\/uploads\/2024\/05\/laura-crearte-100x100.jpg 100w, https:\/\/compra08840.com\/wp-content\/uploads\/2024\/05\/laura-crearte.jpg 500w\" sizes=\"(max-width: 150px) 100vw, 150px\" \/>\t\t\t\t\t\t\t\t\t\t\t\t\t\t\t<\/p>\n<p><strong>LAURA CREARTE<\/strong><br \/>Carrer de la Muntanya, 33<\/p>\n<p>\t\t\t\t\t\t\t\t\t\t\t\t\t\t\t<img loading=\"lazy\" decoding=\"async\" width=\"150\" height=\"150\" src=\"https:\/\/compra08840.com\/wp-content\/uploads\/2026\/03\/LAURY-NAILS-150x150.jpg\" alt=\"\" srcset=\"https:\/\/compra08840.com\/wp-content\/uploads\/2026\/03\/LAURY-NAILS-150x150.jpg 150w, https:\/\/compra08840.com\/wp-content\/uploads\/2026\/03\/LAURY-NAILS-300x300.jpg 300w, https:\/\/compra08840.com\/wp-content\/uploads\/2026\/03\/LAURY-NAILS-1024x1024.jpg 1024w, https:\/\/compra08840.com\/wp-content\/uploads\/2026\/03\/LAURY-NAILS-768x768.jpg 768w, https:\/\/compra08840.com\/wp-content\/uploads\/2026\/03\/LAURY-NAILS-1536x1536.jpg 1536w, https:\/\/compra08840.com\/wp-content\/uploads\/2026\/03\/LAURY-NAILS-600x600.jpg 600w, https:\/\/compra08840.com\/wp-content\/uploads\/2026\/03\/LAURY-NAILS-100x100.jpg 100w, https:\/\/compra08840.com\/wp-content\/uploads\/2026\/03\/LAURY-NAILS.jpg 2000w\" sizes=\"(max-width: 150px) 100vw, 150px\" \/>\t\t\t\t\t\t\t\t\t\t\t\t\t\t\t<\/p>\n<p><strong>LAURY NAILS<\/strong><br \/>Carrer del Pare Artigas, 93<\/p>\n<p>\t\t\t\t\t\t\t\t\t\t\t\t\t\t\t<img loading=\"lazy\" decoding=\"async\" width=\"150\" height=\"150\" src=\"https:\/\/compra08840.com\/wp-content\/uploads\/2022\/11\/leben-logo-1-150x150.jpg\" alt=\"\" srcset=\"https:\/\/compra08840.com\/wp-content\/uploads\/2022\/11\/leben-logo-1-150x150.jpg 150w, https:\/\/compra08840.com\/wp-content\/uploads\/2022\/11\/leben-logo-1-300x300.jpg 300w, https:\/\/compra08840.com\/wp-content\/uploads\/2022\/11\/leben-logo-1-100x100.jpg 100w, https:\/\/compra08840.com\/wp-content\/uploads\/2022\/11\/leben-logo-1.jpg 500w\" sizes=\"(max-width: 150px) 100vw, 150px\" \/>\t\t\t\t\t\t\t\t\t\t\t\t\t\t\t<\/p>\n<p><strong>LEBEN. CAF\u00c8, BRUNCH I M\u00c9S<\/strong><br \/>Carrer de Jaume Abril, 26<\/p>\n<p>\t\t\t\t\t\t\t\t\t\t\t\t\t\t\t<img loading=\"lazy\" decoding=\"async\" width=\"150\" height=\"150\" src=\"https:\/\/compra08840.com\/wp-content\/uploads\/2026\/03\/mil-colors-1-150x150.png\" alt=\"\" srcset=\"https:\/\/compra08840.com\/wp-content\/uploads\/2026\/03\/mil-colors-1-150x150.png 150w, https:\/\/compra08840.com\/wp-content\/uploads\/2026\/03\/mil-colors-1-300x300.png 300w, https:\/\/compra08840.com\/wp-content\/uploads\/2026\/03\/mil-colors-1-1024x1024.png 1024w, https:\/\/compra08840.com\/wp-content\/uploads\/2026\/03\/mil-colors-1-768x768.png 768w, https:\/\/compra08840.com\/wp-content\/uploads\/2026\/03\/mil-colors-1-1536x1536.png 1536w, https:\/\/compra08840.com\/wp-content\/uploads\/2026\/03\/mil-colors-1-600x600.png 600w, https:\/\/compra08840.com\/wp-content\/uploads\/2026\/03\/mil-colors-1-100x100.png 100w, https:\/\/compra08840.com\/wp-content\/uploads\/2026\/03\/mil-colors-1.png 2000w\" sizes=\"(max-width: 150px) 100vw, 150px\" \/>\t\t\t\t\t\t\t\t\t\t\t\t\t\t\t<\/p>\n<p><strong>MERCERIA MIL COLORS<\/strong><br \/>Carrer del Doctor Reig, 82<\/p>\n<p>\t\t\t\t\t\t\t\t\t\t\t\t\t\t\t<img loading=\"lazy\" decoding=\"async\" width=\"150\" height=\"150\" src=\"https:\/\/compra08840.com\/wp-content\/uploads\/2026\/03\/MES-QUE-GRANS-150x150.jpg\" alt=\"\" srcset=\"https:\/\/compra08840.com\/wp-content\/uploads\/2026\/03\/MES-QUE-GRANS-150x150.jpg 150w, https:\/\/compra08840.com\/wp-content\/uploads\/2026\/03\/MES-QUE-GRANS-300x300.jpg 300w, https:\/\/compra08840.com\/wp-content\/uploads\/2026\/03\/MES-QUE-GRANS-1024x1024.jpg 1024w, https:\/\/compra08840.com\/wp-content\/uploads\/2026\/03\/MES-QUE-GRANS-768x768.jpg 768w, https:\/\/compra08840.com\/wp-content\/uploads\/2026\/03\/MES-QUE-GRANS-1536x1536.jpg 1536w, https:\/\/compra08840.com\/wp-content\/uploads\/2026\/03\/MES-QUE-GRANS-600x600.jpg 600w, https:\/\/compra08840.com\/wp-content\/uploads\/2026\/03\/MES-QUE-GRANS-100x100.jpg 100w, https:\/\/compra08840.com\/wp-content\/uploads\/2026\/03\/MES-QUE-GRANS.jpg 2000w\" sizes=\"(max-width: 150px) 100vw, 150px\" \/>\t\t\t\t\t\t\t\t\t\t\t\t\t\t\t<\/p>\n<p><strong>M\u00c9S QUE GRANS<\/strong><br \/>Carrer d&#8217;\u00c0ngel Guimer\u00e0, 14<\/p>\n<p>\t\t\t\t\t\t\t\t\t\t\t\t\t\t\t<img loading=\"lazy\" decoding=\"async\" width=\"150\" height=\"150\" src=\"https:\/\/compra08840.com\/wp-content\/uploads\/2024\/05\/mi-yo-interior-150x150.jpg\" alt=\"\" srcset=\"https:\/\/compra08840.com\/wp-content\/uploads\/2024\/05\/mi-yo-interior-150x150.jpg 150w, https:\/\/compra08840.com\/wp-content\/uploads\/2024\/05\/mi-yo-interior-300x300.jpg 300w, https:\/\/compra08840.com\/wp-content\/uploads\/2024\/05\/mi-yo-interior-100x100.jpg 100w, https:\/\/compra08840.com\/wp-content\/uploads\/2024\/05\/mi-yo-interior.jpg 500w\" sizes=\"(max-width: 150px) 100vw, 150px\" \/>\t\t\t\t\t\t\t\t\t\t\t\t\t\t\t<\/p>\n<p><strong>MI YO INTERIOR<\/strong><br \/>Avinguda del Mol\u00ed, 29, Local 3<\/p>\n<p>\t\t\t\t\t\t\t\t\t\t\t\t\t\t\t<img loading=\"lazy\" decoding=\"async\" width=\"150\" height=\"150\" src=\"https:\/\/compra08840.com\/wp-content\/uploads\/2023\/06\/novetats-per-a-nens-150x150.png\" alt=\"\" srcset=\"https:\/\/compra08840.com\/wp-content\/uploads\/2023\/06\/novetats-per-a-nens-150x150.png 150w, https:\/\/compra08840.com\/wp-content\/uploads\/2023\/06\/novetats-per-a-nens-300x300.png 300w, https:\/\/compra08840.com\/wp-content\/uploads\/2023\/06\/novetats-per-a-nens-600x600.png 600w, https:\/\/compra08840.com\/wp-content\/uploads\/2023\/06\/novetats-per-a-nens-100x100.png 100w, https:\/\/compra08840.com\/wp-content\/uploads\/2023\/06\/novetats-per-a-nens.png 625w\" sizes=\"(max-width: 150px) 100vw, 150px\" \/>\t\t\t\t\t\t\t\t\t\t\t\t\t\t\t<\/p>\n<p><strong>NOVETATS PER A NENS<\/strong><br \/>Carrer d&#8217;\u00c0ngel Guimer\u00e0, 5<\/p>\n<p>\t\t\t\t\t\t\t\t\t\t\t\t\t\t\t<img loading=\"lazy\" decoding=\"async\" width=\"150\" height=\"150\" src=\"https:\/\/compra08840.com\/wp-content\/uploads\/2022\/10\/optica-ronda-logo-1-150x150.jpg\" alt=\"\" srcset=\"https:\/\/compra08840.com\/wp-content\/uploads\/2022\/10\/optica-ronda-logo-1-150x150.jpg 150w, https:\/\/compra08840.com\/wp-content\/uploads\/2022\/10\/optica-ronda-logo-1-300x300.jpg 300w, https:\/\/compra08840.com\/wp-content\/uploads\/2022\/10\/optica-ronda-logo-1-100x100.jpg 100w, https:\/\/compra08840.com\/wp-content\/uploads\/2022\/10\/optica-ronda-logo-1.jpg 500w\" sizes=\"(max-width: 150px) 100vw, 150px\" \/>\t\t\t\t\t\t\t\t\t\t\t\t\t\t\t<\/p>\n<p><strong>\u00d3PTICA RONDA<\/strong><br \/>Carrer del Sol, 3G<\/p>\n<p>\t\t\t\t\t\t\t\t\t\t\t\t\t\t\t<img loading=\"lazy\" decoding=\"async\" width=\"150\" height=\"150\" src=\"https:\/\/compra08840.com\/wp-content\/uploads\/2022\/10\/rupi-creaciones-logo-150x150.jpg\" alt=\"\" srcset=\"https:\/\/compra08840.com\/wp-content\/uploads\/2022\/10\/rupi-creaciones-logo-150x150.jpg 150w, https:\/\/compra08840.com\/wp-content\/uploads\/2022\/10\/rupi-creaciones-logo-300x300.jpg 300w, https:\/\/compra08840.com\/wp-content\/uploads\/2022\/10\/rupi-creaciones-logo-100x100.jpg 100w, https:\/\/compra08840.com\/wp-content\/uploads\/2022\/10\/rupi-creaciones-logo.jpg 500w\" sizes=\"(max-width: 150px) 100vw, 150px\" \/>\t\t\t\t\t\t\t\t\t\t\t\t\t\t\t<\/p>\n<p><strong>RUPI CREACIONES<\/strong><br \/>Avinguda de Gav\u00e0, 1, local 2<\/p>\n<p>\t\t\t\t\t\t\t\t\t\t\t\t\t\t\t<img loading=\"lazy\" decoding=\"async\" width=\"150\" height=\"150\" src=\"https:\/\/compra08840.com\/wp-content\/uploads\/2022\/10\/cropped-ara-logo.jpg\" alt=\"\" srcset=\"https:\/\/compra08840.com\/wp-content\/uploads\/2022\/10\/cropped-ara-logo.jpg 150w, https:\/\/compra08840.com\/wp-content\/uploads\/2022\/10\/cropped-ara-logo-100x100.jpg 100w\" sizes=\"(max-width: 150px) 100vw, 150px\" \/>\t\t\t\t\t\t\t\t\t\t\t\t\t\t\t<\/p>\n<p><strong>SABATES D&#8217;ARA<\/strong><br \/>Carrer de Sant Josep, 42<\/p>\n<p>\t\t\t\t\t\t\t\t\t\t\t\t\t\t\t<img loading=\"lazy\" decoding=\"async\" width=\"150\" height=\"150\" src=\"https:\/\/compra08840.com\/wp-content\/uploads\/2025\/02\/Sigma_Burgers_logo_square-150x150.jpg\" alt=\"\" srcset=\"https:\/\/compra08840.com\/wp-content\/uploads\/2025\/02\/Sigma_Burgers_logo_square-150x150.jpg 150w, https:\/\/compra08840.com\/wp-content\/uploads\/2025\/02\/Sigma_Burgers_logo_square-300x300.jpg 300w, https:\/\/compra08840.com\/wp-content\/uploads\/2025\/02\/Sigma_Burgers_logo_square-1024x1024.jpg 1024w, https:\/\/compra08840.com\/wp-content\/uploads\/2025\/02\/Sigma_Burgers_logo_square-768x768.jpg 768w, https:\/\/compra08840.com\/wp-content\/uploads\/2025\/02\/Sigma_Burgers_logo_square-600x600.jpg 600w, https:\/\/compra08840.com\/wp-content\/uploads\/2025\/02\/Sigma_Burgers_logo_square-100x100.jpg 100w, https:\/\/compra08840.com\/wp-content\/uploads\/2025\/02\/Sigma_Burgers_logo_square.jpg 1080w\" sizes=\"(max-width: 150px) 100vw, 150px\" \/>\t\t\t\t\t\t\t\t\t\t\t\t\t\t\t<\/p>\n<p><strong>SIGMA BURGUERS<\/strong><br \/>Avinguda del Mol\u00ed, 6<\/p>\n<p>\t\t\t\t\t\t\t\t\t\t\t\t\t\t\t<img loading=\"lazy\" decoding=\"async\" width=\"150\" height=\"150\" src=\"https:\/\/compra08840.com\/wp-content\/uploads\/2026\/03\/Utopping-150x150.jpg\" alt=\"\" srcset=\"https:\/\/compra08840.com\/wp-content\/uploads\/2026\/03\/Utopping-150x150.jpg 150w, https:\/\/compra08840.com\/wp-content\/uploads\/2026\/03\/Utopping-300x300.jpg 300w, https:\/\/compra08840.com\/wp-content\/uploads\/2026\/03\/Utopping-1024x1024.jpg 1024w, https:\/\/compra08840.com\/wp-content\/uploads\/2026\/03\/Utopping-768x768.jpg 768w, https:\/\/compra08840.com\/wp-content\/uploads\/2026\/03\/Utopping-1536x1536.jpg 1536w, https:\/\/compra08840.com\/wp-content\/uploads\/2026\/03\/Utopping-600x600.jpg 600w, https:\/\/compra08840.com\/wp-content\/uploads\/2026\/03\/Utopping-100x100.jpg 100w, https:\/\/compra08840.com\/wp-content\/uploads\/2026\/03\/Utopping.jpg 2000w\" sizes=\"(max-width: 150px) 100vw, 150px\" \/>\t\t\t\t\t\t\t\t\t\t\t\t\t\t\t<\/p>\n<p><strong>UTTOPING<\/strong><br \/>Carrer de Sant Isidre, 14<\/p>\n<p>\t\t\t\t\t\t\t\t\t\t\t\t\t\t\t<img loading=\"lazy\" decoding=\"async\" width=\"150\" height=\"150\" src=\"https:\/\/compra08840.com\/wp-content\/uploads\/2022\/10\/viatges-punt-de-sortida-150x150.jpg\" alt=\"\" srcset=\"https:\/\/compra08840.com\/wp-content\/uploads\/2022\/10\/viatges-punt-de-sortida-150x150.jpg 150w, https:\/\/compra08840.com\/wp-content\/uploads\/2022\/10\/viatges-punt-de-sortida-300x300.jpg 300w, https:\/\/compra08840.com\/wp-content\/uploads\/2022\/10\/viatges-punt-de-sortida-100x100.jpg 100w, https:\/\/compra08840.com\/wp-content\/uploads\/2022\/10\/viatges-punt-de-sortida.jpg 500w\" sizes=\"(max-width: 150px) 100vw, 150px\" \/>\t\t\t\t\t\t\t\t\t\t\t\t\t\t\t<\/p>\n<p><strong>VIATGES CARREFOUR <\/strong>(PUNT DE SORTIDA)<br \/>Carrer de l&#8217;Onze de Setembre, 48<\/p>\n<p>\t\t\t\t\t\t\t\t\t\t\t\t\t\t\t<img loading=\"lazy\" decoding=\"async\" width=\"150\" height=\"150\" src=\"https:\/\/compra08840.com\/wp-content\/uploads\/2026\/03\/wata-kashi-logo-150x150.jpg\" alt=\"\" srcset=\"https:\/\/compra08840.com\/wp-content\/uploads\/2026\/03\/wata-kashi-logo-150x150.jpg 150w, https:\/\/compra08840.com\/wp-content\/uploads\/2026\/03\/wata-kashi-logo-300x300.jpg 300w, https:\/\/compra08840.com\/wp-content\/uploads\/2026\/03\/wata-kashi-logo-1024x1024.jpg 1024w, https:\/\/compra08840.com\/wp-content\/uploads\/2026\/03\/wata-kashi-logo-768x768.jpg 768w, https:\/\/compra08840.com\/wp-content\/uploads\/2026\/03\/wata-kashi-logo-1536x1536.jpg 1536w, https:\/\/compra08840.com\/wp-content\/uploads\/2026\/03\/wata-kashi-logo-600x600.jpg 600w, https:\/\/compra08840.com\/wp-content\/uploads\/2026\/03\/wata-kashi-logo-100x100.jpg 100w, https:\/\/compra08840.com\/wp-content\/uploads\/2026\/03\/wata-kashi-logo.jpg 2000w\" sizes=\"(max-width: 150px) 100vw, 150px\" \/>\t\t\t\t\t\t\t\t\t\t\t\t\t\t\t<\/p>\n<p><strong>WATA KASHI<\/strong><br \/>Avinguda dels Germans Gabrielistes, 3, Local 6\u00a0<\/p>\n<p>\t\t\t\t\t\t\t\t\t\t\t\t\t\t\t<img loading=\"lazy\" decoding=\"async\" width=\"150\" height=\"150\" src=\"https:\/\/compra08840.com\/wp-content\/uploads\/2026\/03\/yellow-speciality-koffee-1-150x150.jpg\" alt=\"\" srcset=\"https:\/\/compra08840.com\/wp-content\/uploads\/2026\/03\/yellow-speciality-koffee-1-150x150.jpg 150w, https:\/\/compra08840.com\/wp-content\/uploads\/2026\/03\/yellow-speciality-koffee-1-300x300.jpg 300w, https:\/\/compra08840.com\/wp-content\/uploads\/2026\/03\/yellow-speciality-koffee-1-1024x1024.jpg 1024w, https:\/\/compra08840.com\/wp-content\/uploads\/2026\/03\/yellow-speciality-koffee-1-768x768.jpg 768w, https:\/\/compra08840.com\/wp-content\/uploads\/2026\/03\/yellow-speciality-koffee-1-1536x1536.jpg 1536w, https:\/\/compra08840.com\/wp-content\/uploads\/2026\/03\/yellow-speciality-koffee-1-600x600.jpg 600w, https:\/\/compra08840.com\/wp-content\/uploads\/2026\/03\/yellow-speciality-koffee-1-100x100.jpg 100w, https:\/\/compra08840.com\/wp-content\/uploads\/2026\/03\/yellow-speciality-koffee-1.jpg 2000w\" sizes=\"(max-width: 150px) 100vw, 150px\" \/>\t\t\t\t\t\t\t\t\t\t\t\t\t\t\t<\/p>\n<p><strong>YELLOW SPECIALITY KOFFEE<\/strong><br \/>Rambla de Modolell, 43<\/p>\n","protected":false},"excerpt":{"rendered":"<p>PR\u00d3XIMAMENT: TARGETA DE FIDELITZACI\u00d3 Des de Compra 08840 posem en marxa la nova campanya de primavera per omplir els carrers de vida i premiar la teva fidelitat al comer\u00e7 local. Volem que gaudeixis de les teves compres i que, a m\u00e9s, puguis guanyar un dels 15 talonaris de xecs regal que sortejarem del 20 de &#8230; <a title=\"Campanya compra 08840\" class=\"read-more\" href=\"https:\/\/compra08840.com\/es\/campanya-compra-08840\/\" aria-label=\"M\u00e1s en Campanya compra 08840\">Leer m\u00e1s<\/a><\/p>\n","protected":false},"author":18,"featured_media":0,"parent":0,"menu_order":0,"comment_status":"closed","ping_status":"closed","template":"","meta":{"_acf_changed":false,"_monsterinsights_skip_tracking":false,"_monsterinsights_sitenote_active":false,"_monsterinsights_sitenote_note":"","_monsterinsights_sitenote_category":0,"footnotes":""},"class_list":["post-17668","page","type-page","status-publish"],"acf":[],"aioseo_notices":[],"jetpack_sharing_enabled":true,"_links":{"self":[{"href":"https:\/\/compra08840.com\/es\/wp-json\/wp\/v2\/pages\/17668","targetHints":{"allow":["GET"]}}],"collection":[{"href":"https:\/\/compra08840.com\/es\/wp-json\/wp\/v2\/pages"}],"about":[{"href":"https:\/\/compra08840.com\/es\/wp-json\/wp\/v2\/types\/page"}],"author":[{"embeddable":true,"href":"https:\/\/compra08840.com\/es\/wp-json\/wp\/v2\/users\/18"}],"replies":[{"embeddable":true,"href":"https:\/\/compra08840.com\/es\/wp-json\/wp\/v2\/comments?post=17668"}],"version-history":[{"count":0,"href":"https:\/\/compra08840.com\/es\/wp-json\/wp\/v2\/pages\/17668\/revisions"}],"wp:attachment":[{"href":"https:\/\/compra08840.com\/es\/wp-json\/wp\/v2\/media?parent=17668"}],"curies":[{"name":"wp","href":"https:\/\/api.w.org\/{rel}","templated":true}]}}